{"id":31,"date":"2022-08-11T15:23:24","date_gmt":"2022-08-11T13:23:24","guid":{"rendered":"http:\/\/127.0.0.1\/?page_id=31"},"modified":"2025-05-16T20:51:11","modified_gmt":"2025-05-16T18:51:11","slug":"presentation-2","status":"publish","type":"page","link":"https:\/\/amis-maregraphe-marseille.fr\/?page_id=31","title":{"rendered":"Pr\u00e9sentation"},"content":{"rendered":"<p>[et_pb_section fb_built=\u00a0\u00bb1&Prime; _builder_version=\u00a0\u00bb4.18.0&Prime; _module_preset=\u00a0\u00bbdefault\u00a0\u00bb transform_translate=\u00a0\u00bb0px|-60px\u00a0\u00bb transform_translate_linked=\u00a0\u00bboff\u00a0\u00bb custom_margin=\u00a0\u00bb0px||-60px||false|false\u00a0\u00bb custom_padding=\u00a0\u00bb||0px||false|false\u00a0\u00bb global_colors_info=\u00a0\u00bb{}\u00a0\u00bb][et_pb_row _builder_version=\u00a0\u00bb4.18.0&Prime; _module_preset=\u00a0\u00bbdefault\u00a0\u00bb width=\u00a0\u00bb100%\u00a0\u00bb max_width=\u00a0\u00bb2000px\u00a0\u00bb min_height=\u00a0\u00bb185px\u00a0\u00bb height=\u00a0\u00bb185px\u00a0\u00bb max_height=\u00a0\u00bb185px\u00a0\u00bb custom_margin=\u00a0\u00bb-51px|auto||auto||\u00a0\u00bb custom_padding=\u00a0\u00bb0px|||||\u00a0\u00bb global_colors_info=\u00a0\u00bb{}\u00a0\u00bb][et_pb_column type=\u00a0\u00bb4_4&Prime; _builder_version=\u00a0\u00bb4.17.6&Prime; _module_preset=\u00a0\u00bbdefault\u00a0\u00bb global_colors_info=\u00a0\u00bb{}\u00a0\u00bb][et_pb_text _builder_version=\u00a0\u00bb4.18.0&Prime; _module_preset=\u00a0\u00bbdefault\u00a0\u00bb text_font_size=\u00a0\u00bb50px\u00a0\u00bb text_line_height=\u00a0\u00bb3.9em\u00a0\u00bb background_image=\u00a0\u00bbhttps:\/\/amis-maregraphe-marseille.fr\/wp-content\/uploads\/2022\/08\/bandeau270x2000.jpg\u00a0\u00bb width=\u00a0\u00bb100%\u00a0\u00bb max_width=\u00a0\u00bb2000px\u00a0\u00bb module_alignment=\u00a0\u00bbcenter\u00a0\u00bb min_height=\u00a0\u00bb185px\u00a0\u00bb height=\u00a0\u00bb185px\u00a0\u00bb max_height=\u00a0\u00bb185px\u00a0\u00bb custom_padding=\u00a0\u00bb||0px|||\u00a0\u00bb global_colors_info=\u00a0\u00bb{}\u00a0\u00bb]<\/p>\n<p style=\"text-align: center;\"><span style=\"color: #ffffff;\">Pr\u00e9sentation<\/span><\/p>\n<p>[\/et_pb_text][\/et_pb_column][\/et_pb_row][et_pb_row _builder_version=\u00a0\u00bb4.18.0&Prime; _module_preset=\u00a0\u00bbdefault\u00a0\u00bb width=\u00a0\u00bb100%\u00a0\u00bb max_width=\u00a0\u00bb2000px\u00a0\u00bb min_height=\u00a0\u00bb243.4px\u00a0\u00bb custom_margin=\u00a0\u00bb|auto|20px|0px|false|false\u00a0\u00bb custom_padding=\u00a0\u00bb|0px|0px|||\u00a0\u00bb global_colors_info=\u00a0\u00bb{}\u00a0\u00bb][et_pb_column type=\u00a0\u00bb4_4&Prime; _builder_version=\u00a0\u00bb4.17.6&Prime; _module_preset=\u00a0\u00bbdefault\u00a0\u00bb global_colors_info=\u00a0\u00bb{}\u00a0\u00bb][et_pb_text _builder_version=\u00a0\u00bb4.19.2&Prime; _module_preset=\u00a0\u00bbdefault\u00a0\u00bb text_font_size=\u00a0\u00bb17px\u00a0\u00bb text_line_height=\u00a0\u00bb1.8em\u00a0\u00bb min_height=\u00a0\u00bb296.1px\u00a0\u00bb custom_margin=\u00a0\u00bb-7px|26px|-63px|129px|false|false\u00a0\u00bb custom_padding=\u00a0\u00bb4px||0px|0px||\u00a0\u00bb global_colors_info=\u00a0\u00bb{}\u00a0\u00bb]<\/p>\n<p style=\"text-align: justify;\">De nombreuses personnes d&rsquo;horizons diff\u00e9rents, constatant que le mar\u00e9graphe de Marseille pr\u00e9sente un int\u00e9r\u00eat sp\u00e9cifique et remarquable, ont d\u00e9cid\u00e9 de cr\u00e9er une association pour le faire mieux conna\u00eetre.<\/p>\n<p style=\"text-align: justify;\">L&rsquo;association ayant pour nom <strong>Les amis du mar\u00e9graphe de Marseille<\/strong> a vu le jour le 7 janvier 2021. L&rsquo;annonce de cette cr\u00e9ation est parue au <a href=\"https:\/\/amis-maregraphe-marseille.fr\/wp-content\/uploads\/2021\/02\/JO-2fev2021.pdf\" target=\"_blank\" rel=\"noopener\"><span style=\"color: #ff9900;\"><strong>Journal officiel<\/strong><\/span><\/a> le 2 f\u00e9vrier 2021. Elle a \u00e9t\u00e9 reconnue comme un <strong>organisme d&rsquo;int\u00e9r\u00eat g\u00e9n\u00e9ral<\/strong> le 16 juin 2022.<\/p>\n<p style=\"text-align: justify;\">Suivant ses <a href=\"https:\/\/amis-maregraphe-marseille.fr\/wp-content\/uploads\/2023\/04\/Statuts-mars2023.pdf\" target=\"_blank\" rel=\"noopener\"><span style=\"color: #ff9900;\"><strong>statuts<\/strong><\/span><\/a>, l&rsquo;association a pour objet de r\u00e9unir des personnes physiques ou morales souhaitant agir pour la mise en valeur, la promotion, le renom et le rayonnement du mar\u00e9graphe de Marseille.<\/p>\n<p style=\"text-align: justify;\">Regroupant un public issu de milieux diff\u00e9rents, passionn\u00e9 par le projet qu&rsquo;elle porte, elle utilise tous les moyens \u00e0 sa disposition pour faire mieux conna\u00eetre le mar\u00e9graphe de Marseille, son histoire et son int\u00e9r\u00eat scientifique actuel.<\/p>\n<p style=\"text-align: justify;\"><strong>Les amis du mar\u00e9graphe de Marseille<\/strong> se proposent d&rsquo;\u00e9tablir et de conforter des liens avec d&rsquo;autres acteurs du patrimoine et de la science.<\/p>\n<p style=\"text-align: justify;\">Notre <a href=\"https:\/\/amis-maregraphe-marseille.fr\/wp-content\/uploads\/2022\/11\/proposition_flyer_v11-1.pdf\" target=\"_blank\" rel=\"noopener\"><span style=\"color: #ff9900;\"><strong>flyer<\/strong><\/span><\/a> explique nos raisons d&rsquo;\u00eatre, ainsi que la page <a href=\"https:\/\/amis-maregraphe-marseille.fr\/?page_id=3745\" target=\"_blank\" rel=\"noopener\"><span style=\"color: #ff9900;\"><strong>Orientations et moyens d&rsquo;action<\/strong><\/span><\/a>.<\/p>\n<p><span style=\"font-size: large;\"><\/span><\/p>\n<p>[\/et_pb_text][\/et_pb_column][\/et_pb_row][\/et_pb_section]<\/p>\n","protected":false},"excerpt":{"rendered":"<p>Pr\u00e9sentationDe nombreuses personnes d&rsquo;horizons diff\u00e9rents, constatant que le mar\u00e9graphe de Marseille pr\u00e9sente un int\u00e9r\u00eat sp\u00e9cifique et remarquable, ont d\u00e9cid\u00e9 de cr\u00e9er une association pour le faire mieux conna\u00eetre. L&rsquo;association ayant pour nom Les amis du mar\u00e9graphe de Marseille a vu le jour le 7 janvier 2021. L&rsquo;annonce de cette cr\u00e9ation est parue au Journal officiel [&hellip;]<\/p>\n","protected":false},"author":1,"featured_media":0,"parent":0,"menu_order":0,"comment_status":"closed","ping_status":"closed","template":"","meta":{"_et_pb_use_builder":"on","_et_pb_old_content":"","_et_gb_content_width":"","ngg_post_thumbnail":0,"footnotes":""},"class_list":["post-31","page","type-page","status-publish","hentry"],"_links":{"self":[{"href":"https:\/\/amis-maregraphe-marseille.fr\/index.php?rest_route=\/wp\/v2\/pages\/31","targetHints":{"allow":["GET"]}}],"collection":[{"href":"https:\/\/amis-maregraphe-marseille.fr\/index.php?rest_route=\/wp\/v2\/pages"}],"about":[{"href":"https:\/\/amis-maregraphe-marseille.fr\/index.php?rest_route=\/wp\/v2\/types\/page"}],"author":[{"embeddable":true,"href":"https:\/\/amis-maregraphe-marseille.fr\/index.php?rest_route=\/wp\/v2\/users\/1"}],"replies":[{"embeddable":true,"href":"https:\/\/amis-maregraphe-marseille.fr\/index.php?rest_route=%2Fwp%2Fv2%2Fcomments&post=31"}],"version-history":[{"count":63,"href":"https:\/\/amis-maregraphe-marseille.fr\/index.php?rest_route=\/wp\/v2\/pages\/31\/revisions"}],"predecessor-version":[{"id":7267,"href":"https:\/\/amis-maregraphe-marseille.fr\/index.php?rest_route=\/wp\/v2\/pages\/31\/revisions\/7267"}],"wp:attachment":[{"href":"https:\/\/amis-maregraphe-marseille.fr\/index.php?rest_route=%2Fwp%2Fv2%2Fmedia&parent=31"}],"curies":[{"name":"wp","href":"https:\/\/api.w.org\/{rel}","templated":true}]}}